{"id":155,"date":"2023-07-25T18:02:13","date_gmt":"2023-07-25T16:02:13","guid":{"rendered":"https:\/\/julievidalenc.fr\/?page_id=155"},"modified":"2023-08-31T12:15:23","modified_gmt":"2023-08-31T10:15:23","slug":"mentions-legales","status":"publish","type":"page","link":"https:\/\/julievidalenc.fr\/index.php\/mentions-legales\/","title":{"rendered":"Mentions L\u00e9gales"},"content":{"rendered":"[et_pb_section fb_built=\u00a0\u00bb1&Prime; admin_label=\u00a0\u00bbsection\u00a0\u00bb _builder_version=\u00a0\u00bb4.16&Prime; global_colors_info=\u00a0\u00bb{}\u00a0\u00bb][et_pb_row admin_label=\u00a0\u00bbrow\u00a0\u00bb _builder_version=\u00a0\u00bb4.16&Prime; background_size=\u00a0\u00bbinitial\u00a0\u00bb background_position=\u00a0\u00bbtop_left\u00a0\u00bb background_repeat=\u00a0\u00bbrepeat\u00a0\u00bb global_colors_info=\u00a0\u00bb{}\u00a0\u00bb][et_pb_column type=\u00a0\u00bb4_4&Prime; _builder_version=\u00a0\u00bb4.16&Prime; custom_padding=\u00a0\u00bb|||\u00a0\u00bb global_colors_info=\u00a0\u00bb{}\u00a0\u00bb custom_padding__hover=\u00a0\u00bb|||\u00a0\u00bb][et_pb_text admin_label=\u00a0\u00bbText\u00a0\u00bb _builder_version=\u00a0\u00bb4.22.1&Prime; background_size=\u00a0\u00bbinitial\u00a0\u00bb background_position=\u00a0\u00bbtop_left\u00a0\u00bb background_repeat=\u00a0\u00bbrepeat\u00a0\u00bb hover_enabled=\u00a0\u00bb0&Prime; global_colors_info=\u00a0\u00bb{}\u00a0\u00bb sticky_enabled=\u00a0\u00bb0&Prime;]<p><\/p>\n<p><strong>1 \u2013 \u00c9dition du site<\/strong><\/p>\n<p><\/p>\n<p><\/p>\n<p>En vertu de l\u2019article 6 de la loi n\u00b0 2004-575 du 21 juin 2004 pour la confiance dans l\u2019\u00e9conomie num\u00e9rique, il est pr\u00e9cis\u00e9 aux utilisateurs du site internet https:\/\/julievidalenc.fr\/ l\u2019identit\u00e9 des diff\u00e9rents intervenants dans le cadre de sa r\u00e9alisation et de son suivi:<br \/>Propri\u00e9taire du site : https:\/\/julievidalenc.fr\/\u2013 Contact : Julie VIDALENC.naturo@gmail.com 0610590864 \u2013 Adresse : 4 RUE DES DAHLIAS 44100 NANTES.<br \/>Identification de l\u2019entreprise : SASU Julie VIDALENC au capital social de 4000\u20ac \u2013 SIREN : 920956133 \u2013 RCS ou RM : Nantes B 920956133 \u2013 Adresse postale : 4 RUE DES DAHLIAS 44100 NANTES<br \/>Directeur de la publication : Julie VIDALENC \u2013 Contact : 0610590864.<br \/>H\u00e9bergeur : OVH SAS \u2013 2 rue Kellermann \u2013 BP 80157 \u2013 59053 Roubaix Cedex 1 \u2013 T\u00e9l\u00e9phone : 1007<br \/>D\u00e9l\u00e9gu\u00e9 \u00e0 la protection des donn\u00e9es : Julie Vidalenc \u2013 Julie VIDALENC.naturo@gmail.com<\/p>\n<p><strong>Autres contributeurs pour la cr\u00e9ation et maintenance du site :<\/strong><br \/>R\u00e9v\u00e9lation de marque\u00a9 par <a href=\"https:\/\/www.sabinerainard.com\/\" target=\"_blank\" rel=\"noreferrer noopener\">Sabine Rainard<\/a>,<br \/>D\u00e9veloppement web par <a href=\"https:\/\/anso-creation-graphique.com\/\" target=\"_blank\" rel=\"noreferrer noopener\">AnSo Cr\u00e9ation! Graphique<\/a><\/p>\n<p><\/p>\n<p><\/p>\n<p><\/p>\n<p><\/p>\n<p><strong>2 \u2013 Propri\u00e9t\u00e9 intellectuelle et contrefa\u00e7ons.<\/strong><\/p>\n<p>Julie VIDALENC est propri\u00e9taire des droits de propri\u00e9t\u00e9 intellectuelle et d\u00e9tient les droits d\u2019usage sur tous les \u00e9l\u00e9ments accessibles sur le site internet, notamment les textes, images, graphismes, logos, vid\u00e9os, architecture, ic\u00f4nes et sons.<br \/>Toute reproduction, repr\u00e9sentation, modification, publication, adaptation de tout ou partie des \u00e9l\u00e9ments du site, quel que soit le moyen ou le proc\u00e9d\u00e9 utilis\u00e9, est interdite, sauf autorisation \u00e9crite pr\u00e9alable de Julie VIDALENC.<br \/>Toute exploitation non autoris\u00e9e du site ou de l\u2019un quelconque des \u00e9l\u00e9ments qu\u2019il contient sera consid\u00e9r\u00e9e comme constitutive d\u2019une contrefa\u00e7on et poursuivie conform\u00e9ment aux dispositions des articles L.335-2 et suivants du Code de Propri\u00e9t\u00e9 Intellectuelle.<\/p>\n<p><\/p>\n<p><\/p>\n<p><strong>Cr\u00e9dit photos portrait Julie Vidalenc :<\/strong> Lauren Kim-Minn.<br \/><strong>Cr\u00e9dit photos Unsplash\u00a9 : <\/strong>Lauren kimminn photographe, Pavel Danilyu, Laura Chouette, Hivan Arvizu Soyhivan, Ketut Subiyanto, Shashi Chaturvedula, Anna Tarazevich, Minnie-Zhou, Brook Lark, Tracey Hocking, Conscious Design, Adi Glodstein, Dakota Corbin, Ahtziri Lagarde, Abbie Bernet, Sander Sammy, Alexandra Gorn.<\/p>\n<p><\/p>\n<p><\/p>\n<p><\/p>\n<p><\/p>\n<p><strong>3 \u2013 Limitations de responsabilit\u00e9.<\/strong><\/p>\n<p>Julie VIDALENC ne pourra \u00eatre tenu pour responsable des dommages directs et indirects caus\u00e9s au mat\u00e9riel de l\u2019utilisateur, lors de l\u2019acc\u00e8s au site https:\/\/julievidalenc.fr\/.<br \/>Julie VIDALENC d\u00e9cline toute responsabilit\u00e9 quant \u00e0 l\u2019utilisation qui pourrait \u00eatre faite des informations et contenus pr\u00e9sents sur https:\/\/julievidalenc.fr\/.<br \/>Julie VIDALENC s\u2019engage \u00e0 s\u00e9curiser au mieux le site https:\/\/julievidalenc.fr\/, cependant sa responsabilit\u00e9 ne pourra \u00eatre mise en cause si des donn\u00e9es ind\u00e9sirables sont import\u00e9es et install\u00e9es sur son site \u00e0 son insu.<br \/>Des espaces interactifs (espace contact ou commentaires) sont \u00e0 la disposition des utilisateurs. Julie VIDALENC se r\u00e9serve le droit de supprimer, sans mise en demeure pr\u00e9alable, tout contenu d\u00e9pos\u00e9 dans cet espace qui contreviendrait \u00e0 la l\u00e9gislation applicable en France, en particulier aux dispositions relatives \u00e0 la protection des donn\u00e9es.<br \/>Le cas \u00e9ch\u00e9ant, Julie VIDALENC se r\u00e9serve \u00e9galement la possibilit\u00e9 de mettre en cause la responsabilit\u00e9 civile et\/ou p\u00e9nale de l\u2019utilisateur, notamment en cas de message \u00e0 caract\u00e8re raciste, injurieux, diffamant, ou pornographique, quel que soit le support utilis\u00e9 (texte, photographie \u2026).<\/p>\n<p><\/p>\n<p><\/p>\n<p><\/p>\n<p><\/p>\n<p><strong>4 \u2013 CNIL et gestion des donn\u00e9es personnelles.<\/strong><\/p>\n<p>Conform\u00e9ment aux dispositions de la loi 78-17 du 6 janvier 1978 modifi\u00e9e, l\u2019utilisateur du site https:\/\/julievidalenc.fr\/ dispose d\u2019un droit d\u2019acc\u00e8s, de modification et de suppression des informations collect\u00e9es. Pour exercer ce droit, envoyez un message \u00e0 notre D\u00e9l\u00e9gu\u00e9 \u00e0 la Protection des Donn\u00e9es : Julie Vidalenc \u2013 Julie VIDALENC.naturo@gmail.com.<\/p>\n<p><\/p>\n<p><\/p>\n<p><\/p>\n<p><\/p>\n<p><strong>5 \u2013 Liens hypertextes et cookies<\/strong><\/p>\n<p>Le site https:\/\/julievidalenc.fr\/ contient des liens hypertextes vers d\u2019autres sites et d\u00e9gage toute responsabilit\u00e9 \u00e0 propos de ces liens externes ou des liens cr\u00e9\u00e9s par d\u2019autres sites vers https:\/\/julievidalenc.fr\/.<br \/>La navigation sur le site https:\/\/julievidalenc.fr\/ est susceptible de provoquer l\u2019installation de cookie(s) sur l\u2019ordinateur de l\u2019utilisateur.<br \/>Un \u201ccookie\u201d est un fichier de petite taille qui enregistre des informations relatives \u00e0 la navigation d\u2019un utilisateur sur un site. Les donn\u00e9es ainsi obtenues permettent d\u2019obtenir des mesures de fr\u00e9quentation, par exemple.<br \/>Vous avez la possibilit\u00e9 d\u2019accepter ou de refuser les cookies en modifiant les param\u00e8tres de votre navigateur. Aucun cookie ne sera d\u00e9pos\u00e9 sans votre consentement.<br \/>Les cookies sont enregistr\u00e9s pour une dur\u00e9e maximale de 12 mois.<\/p>\n<p><\/p>\n<p><\/p>\n<p><\/p>\n<p><\/p>\n<p><strong>6 \u2013 Droit applicable et attribution de juridiction.<\/strong><\/p>\n<p>Tout litige en relation avec l\u2019utilisation du site https:\/\/julievidalenc.fr\/ est soumis au droit fran\u00e7ais. En dehors des cas o\u00f9 la loi ne le permet pas, il est fait attribution exclusive de juridiction aux tribunaux comp\u00e9tents de Nantes.<\/p>\n<p>Conform\u00e9ment aux articles L.616-1 et R.616-1 du code de la consommation, l\u2019EURL BEYLA a mis en place un dispositif de m\u00e9diation de la consommation. L\u2019entit\u00e9 de m\u00e9diation retenue est : SAS CNPM \u2013 M\u00c9DIATION \u2013 CONSOMMATION.\u00a0 En cas de litige, le consommateur pourra d\u00e9poser sa r\u00e9clamation sur le site : <a href=\"http:\/\/cnpm-mediation-consommation.eu\">http:\/\/cnpm-mediation-consommation.eu<\/a> ou par voie postale en \u00e9crivant \u00e0 CNPM \u2013 M\u00c9DIATION \u2013 CONSOMMATION \u2013 27, avenue de la Lib\u00e9ration \u2013 42400 SAINT-CHAMOND<\/p>\n<p><\/p>\n<p><\/p>\n<p><\/p>\n<p><\/p>\n<p><\/p>[\/et_pb_text][\/et_pb_column][\/et_pb_row][\/et_pb_section]","protected":false},"excerpt":{"rendered":"<p>1 \u2013 \u00c9dition du site En vertu de l\u2019article 6 de la loi n\u00b0 2004-575 du 21 juin 2004 pour la confiance dans l\u2019\u00e9conomie num\u00e9rique, il est pr\u00e9cis\u00e9 aux utilisateurs du site internet https:\/\/julievidalenc.fr\/ l\u2019identit\u00e9 des diff\u00e9rents intervenants dans le cadre de sa r\u00e9alisation et de son suivi:Propri\u00e9taire du site : https:\/\/julievidalenc.fr\/\u2013 Contact : Julie [&hellip;]<\/p>\n","protected":false},"author":1,"featured_media":0,"parent":0,"menu_order":0,"comment_status":"closed","ping_status":"closed","template":"","meta":{"_et_pb_use_builder":"on","_et_pb_old_content":"<!-- wp:paragraph -->\n<p><strong>1 \u2013 \u00c9dition du site<\/strong><\/p>\n<!-- \/wp:paragraph -->\n\n<!-- wp:paragraph -->\n<p>En vertu de l\u2019article 6 de la loi n\u00b0 2004-575 du 21 juin 2004 pour la confiance dans l\u2019\u00e9conomie num\u00e9rique, il est pr\u00e9cis\u00e9 aux utilisateurs du site internet https:\/\/julievidalenc.fr\/ l\u2019identit\u00e9 des diff\u00e9rents intervenants dans le cadre de sa r\u00e9alisation et de son suivi:<br>Propri\u00e9taire du site : https:\/\/julievidalenc.fr\/\u2013 Contact : Julie VIDALENC.naturo@gmail.com 0610590864 \u2013 Adresse : 4 RUE DES DAHLIAS 44100 NANTES.<br>Identification de l\u2019entreprise : SASU Julie VIDALENC au capital social de 4000\u20ac \u2013 SIREN : 920956133 \u2013 RCS ou RM : Nantes B 920956133 \u2013 Adresse postale : 4 RUE DES DAHLIAS 44100 NANTES<br>Directeur de la publication : Julie VIDALENC \u2013 Contact : 0610590864.<br>H\u00e9bergeur : OVH SAS \u2013 2 rue Kellermann \u2013 BP 80157 \u2013 59053 Roubaix Cedex 1 \u2013 T\u00e9l\u00e9phone : 1007<br>D\u00e9l\u00e9gu\u00e9 \u00e0 la protection des donn\u00e9es : Julie Vidalenc \u2013 Julie VIDALENC.naturo@gmail.com<br><br><strong>Autres contributeurs pour la cr\u00e9ation et maintenance du site :<\/strong><br>R\u00e9v\u00e9lation de marque\u00a9 par <a href=\"https:\/\/www.sabinerainard.com\/\" target=\"_blank\" rel=\"noreferrer noopener\">Sabine Rainard<\/a>,<br>D\u00e9veloppement web par <a href=\"https:\/\/anso-creation-graphique.com\/\" target=\"_blank\" rel=\"noreferrer noopener\">AnSo Cr\u00e9ation! Graphique<\/a><\/p>\n<!-- \/wp:paragraph -->\n\n<!-- wp:paragraph -->\n<p><\/p>\n<!-- \/wp:paragraph -->\n\n<!-- wp:paragraph -->\n<p><strong>2 \u2013 Propri\u00e9t\u00e9 intellectuelle et contrefa\u00e7ons.<\/strong><br><br>Julie VIDALENC est propri\u00e9taire des droits de propri\u00e9t\u00e9 intellectuelle et d\u00e9tient les droits d\u2019usage sur tous les \u00e9l\u00e9ments accessibles sur le site internet, notamment les textes, images, graphismes, logos, vid\u00e9os, architecture, ic\u00f4nes et sons.<br>Toute reproduction, repr\u00e9sentation, modification, publication, adaptation de tout ou partie des \u00e9l\u00e9ments du site, quel que soit le moyen ou le proc\u00e9d\u00e9 utilis\u00e9, est interdite, sauf autorisation \u00e9crite pr\u00e9alable de Julie VIDALENC.<br>Toute exploitation non autoris\u00e9e du site ou de l\u2019un quelconque des \u00e9l\u00e9ments qu\u2019il contient sera consid\u00e9r\u00e9e comme constitutive d\u2019une contrefa\u00e7on et poursuivie conform\u00e9ment aux dispositions des articles L.335-2 et suivants du Code de Propri\u00e9t\u00e9 Intellectuelle.<br><\/p>\n<!-- \/wp:paragraph -->\n\n<!-- wp:paragraph -->\n<p><strong>Cr\u00e9dit photos portrait Julie Vidalenc :<\/strong> Lauren Kim-Minn.<br><strong>Cr\u00e9dit photos Unsplash\u00a9 : <\/strong>Lauren kimminn photographe, Pavel Danilyu, Laura Chouette, Hivan Arvizu Soyhivan, Ketut Subiyanto, Shashi Chaturvedula, Anna Tarazevich, Minnie-Zhou, Brook Lark, Tracey Hocking, Conscious Design, Adi Glodstein, Dakota Corbin, Ahtziri Lagarde, Abbie Bernet, Sander Sammy, Alexandra Gorn.<\/p>\n<!-- \/wp:paragraph -->\n\n<!-- wp:paragraph -->\n<p><\/p>\n<!-- \/wp:paragraph -->\n\n<!-- wp:paragraph -->\n<p><strong>3 \u2013 Limitations de responsabilit\u00e9.<\/strong><br><br>Julie VIDALENC ne pourra \u00eatre tenu pour responsable des dommages directs et indirects caus\u00e9s au mat\u00e9riel de l\u2019utilisateur, lors de l\u2019acc\u00e8s au site https:\/\/julievidalenc.fr\/.<br>Julie VIDALENC d\u00e9cline toute responsabilit\u00e9 quant \u00e0 l\u2019utilisation qui pourrait \u00eatre faite des informations et contenus pr\u00e9sents sur https:\/\/julievidalenc.fr\/.<br>Julie VIDALENC s\u2019engage \u00e0 s\u00e9curiser au mieux le site https:\/\/julievidalenc.fr\/, cependant sa responsabilit\u00e9 ne pourra \u00eatre mise en cause si des donn\u00e9es ind\u00e9sirables sont import\u00e9es et install\u00e9es sur son site \u00e0 son insu.<br>Des espaces interactifs (espace contact ou commentaires) sont \u00e0 la disposition des utilisateurs. Julie VIDALENC se r\u00e9serve le droit de supprimer, sans mise en demeure pr\u00e9alable, tout contenu d\u00e9pos\u00e9 dans cet espace qui contreviendrait \u00e0 la l\u00e9gislation applicable en France, en particulier aux dispositions relatives \u00e0 la protection des donn\u00e9es.<br>Le cas \u00e9ch\u00e9ant, Julie VIDALENC se r\u00e9serve \u00e9galement la possibilit\u00e9 de mettre en cause la responsabilit\u00e9 civile et\/ou p\u00e9nale de l\u2019utilisateur, notamment en cas de message \u00e0 caract\u00e8re raciste, injurieux, diffamant, ou pornographique, quel que soit le support utilis\u00e9 (texte, photographie \u2026).<\/p>\n<!-- \/wp:paragraph -->\n\n<!-- wp:paragraph -->\n<p><\/p>\n<!-- \/wp:paragraph -->\n\n<!-- wp:paragraph -->\n<p><strong>4 \u2013 CNIL et gestion des donn\u00e9es personnelles.<\/strong><br><br>Conform\u00e9ment aux dispositions de la loi 78-17 du 6 janvier 1978 modifi\u00e9e, l\u2019utilisateur du site https:\/\/julievidalenc.fr\/ dispose d\u2019un droit d\u2019acc\u00e8s, de modification et de suppression des informations collect\u00e9es. Pour exercer ce droit, envoyez un message \u00e0 notre D\u00e9l\u00e9gu\u00e9 \u00e0 la Protection des Donn\u00e9es : Julie Vidalenc \u2013 Julie VIDALENC.naturo@gmail.com.<\/p>\n<!-- \/wp:paragraph -->\n\n<!-- wp:paragraph -->\n<p><\/p>\n<!-- \/wp:paragraph -->\n\n<!-- wp:paragraph -->\n<p><strong>5 \u2013 Liens hypertextes et cookies<\/strong><br><br>Le site https:\/\/julievidalenc.fr\/ contient des liens hypertextes vers d\u2019autres sites et d\u00e9gage toute responsabilit\u00e9 \u00e0 propos de ces liens externes ou des liens cr\u00e9\u00e9s par d\u2019autres sites vers https:\/\/julievidalenc.fr\/.<br>La navigation sur le site https:\/\/julievidalenc.fr\/ est susceptible de provoquer l\u2019installation de cookie(s) sur l\u2019ordinateur de l\u2019utilisateur.<br>Un \u201ccookie\u201d est un fichier de petite taille qui enregistre des informations relatives \u00e0 la navigation d\u2019un utilisateur sur un site. Les donn\u00e9es ainsi obtenues permettent d\u2019obtenir des mesures de fr\u00e9quentation, par exemple.<br>Vous avez la possibilit\u00e9 d\u2019accepter ou de refuser les cookies en modifiant les param\u00e8tres de votre navigateur. Aucun cookie ne sera d\u00e9pos\u00e9 sans votre consentement.<br>Les cookies sont enregistr\u00e9s pour une dur\u00e9e maximale de 12 mois.<\/p>\n<!-- \/wp:paragraph -->\n\n<!-- wp:paragraph -->\n<p><\/p>\n<!-- \/wp:paragraph -->\n\n<!-- wp:paragraph -->\n<p><strong>6 \u2013 Droit applicable et attribution de juridiction.<\/strong><br><br>Tout litige en relation avec l\u2019utilisation du site https:\/\/julievidalenc.fr\/ est soumis au droit fran\u00e7ais. En dehors des cas o\u00f9 la loi ne le permet pas, il est fait attribution exclusive de juridiction aux tribunaux comp\u00e9tents de Nantes.<\/p>\n<!-- \/wp:paragraph -->\n\n<!-- wp:paragraph -->\n<p><\/p>\n<!-- \/wp:paragraph -->\n\n<!-- wp:paragraph -->\n<p><\/p>\n<!-- \/wp:paragraph -->","_et_gb_content_width":"1080","footnotes":""},"class_list":["post-155","page","type-page","status-publish","hentry"],"yoast_head":"<!-- This site is optimized with the Yoast SEO plugin v27.4 - https:\/\/yoast.com\/product\/yoast-seo-wordpress\/ -->\n<title>Mentions L\u00e9gales - Julie Vidalenc<\/title>\n<meta name=\"description\" content=\"Mentions l\u00e9gales du site. Sp\u00e9cialiste des troubles du sommeil \u00e0 Nantes, pour enfants et adultes.\" \/>\n<meta name=\"robots\" content=\"index, follow, max-snippet:-1, max-image-preview:large, max-video-preview:-1\" \/>\n<link rel=\"canonical\" href=\"https:\/\/julievidalenc.fr\/index.php\/mentions-legales\/\" \/>\n<meta property=\"og:locale\" content=\"fr_FR\" \/>\n<meta property=\"og:type\" content=\"article\" \/>\n<meta property=\"og:title\" content=\"Mentions L\u00e9gales - Julie Vidalenc\" \/>\n<meta property=\"og:description\" content=\"Mentions l\u00e9gales du site. Sp\u00e9cialiste des troubles du sommeil \u00e0 Nantes, pour enfants et adultes.\" \/>\n<meta property=\"og:url\" content=\"https:\/\/julievidalenc.fr\/index.php\/mentions-legales\/\" \/>\n<meta property=\"og:site_name\" content=\"Julie Vidalenc\" \/>\n<meta property=\"article:modified_time\" content=\"2023-08-31T10:15:23+00:00\" \/>\n<meta name=\"twitter:card\" content=\"summary_large_image\" \/>\n<meta name=\"twitter:label1\" content=\"Dur\u00e9e de lecture estim\u00e9e\" \/>\n\t<meta name=\"twitter:data1\" content=\"4 minutes\" \/>\n<script type=\"application\/ld+json\" class=\"yoast-schema-graph\">{\"@context\":\"https:\\\/\\\/schema.org\",\"@graph\":[{\"@type\":\"WebPage\",\"@id\":\"https:\\\/\\\/julievidalenc.fr\\\/index.php\\\/mentions-legales\\\/\",\"url\":\"https:\\\/\\\/julievidalenc.fr\\\/index.php\\\/mentions-legales\\\/\",\"name\":\"Mentions L\u00e9gales - Julie Vidalenc\",\"isPartOf\":{\"@id\":\"https:\\\/\\\/julievidalenc.fr\\\/#website\"},\"datePublished\":\"2023-07-25T16:02:13+00:00\",\"dateModified\":\"2023-08-31T10:15:23+00:00\",\"description\":\"Mentions l\u00e9gales du site. Sp\u00e9cialiste des troubles du sommeil \u00e0 Nantes, pour enfants et adultes.\",\"breadcrumb\":{\"@id\":\"https:\\\/\\\/julievidalenc.fr\\\/index.php\\\/mentions-legales\\\/#breadcrumb\"},\"inLanguage\":\"fr-FR\",\"potentialAction\":[{\"@type\":\"ReadAction\",\"target\":[\"https:\\\/\\\/julievidalenc.fr\\\/index.php\\\/mentions-legales\\\/\"]}]},{\"@type\":\"BreadcrumbList\",\"@id\":\"https:\\\/\\\/julievidalenc.fr\\\/index.php\\\/mentions-legales\\\/#breadcrumb\",\"itemListElement\":[{\"@type\":\"ListItem\",\"position\":1,\"name\":\"Accueil\",\"item\":\"https:\\\/\\\/julievidalenc.fr\\\/\"},{\"@type\":\"ListItem\",\"position\":2,\"name\":\"Mentions L\u00e9gales\"}]},{\"@type\":\"WebSite\",\"@id\":\"https:\\\/\\\/julievidalenc.fr\\\/#website\",\"url\":\"https:\\\/\\\/julievidalenc.fr\\\/\",\"name\":\"Julie Vidalenc\",\"description\":\"Sp\u00e9cialiste du sommeil Nantes\",\"publisher\":{\"@id\":\"https:\\\/\\\/julievidalenc.fr\\\/#organization\"},\"potentialAction\":[{\"@type\":\"SearchAction\",\"target\":{\"@type\":\"EntryPoint\",\"urlTemplate\":\"https:\\\/\\\/julievidalenc.fr\\\/?s={search_term_string}\"},\"query-input\":{\"@type\":\"PropertyValueSpecification\",\"valueRequired\":true,\"valueName\":\"search_term_string\"}}],\"inLanguage\":\"fr-FR\"},{\"@type\":\"Organization\",\"@id\":\"https:\\\/\\\/julievidalenc.fr\\\/#organization\",\"name\":\"Julie Vidalenc\",\"url\":\"https:\\\/\\\/julievidalenc.fr\\\/\",\"logo\":{\"@type\":\"ImageObject\",\"inLanguage\":\"fr-FR\",\"@id\":\"https:\\\/\\\/julievidalenc.fr\\\/#\\\/schema\\\/logo\\\/image\\\/\",\"url\":\"http:\\\/\\\/julievidalenc.fr\\\/wp-content\\\/uploads\\\/2023\\\/07\\\/LogoJVidalenc_RVB.png\",\"contentUrl\":\"http:\\\/\\\/julievidalenc.fr\\\/wp-content\\\/uploads\\\/2023\\\/07\\\/LogoJVidalenc_RVB.png\",\"width\":1258,\"height\":960,\"caption\":\"Julie Vidalenc\"},\"image\":{\"@id\":\"https:\\\/\\\/julievidalenc.fr\\\/#\\\/schema\\\/logo\\\/image\\\/\"}}]}<\/script>\n<!-- \/ Yoast SEO plugin. -->","yoast_head_json":{"title":"Mentions L\u00e9gales - Julie Vidalenc","description":"Mentions l\u00e9gales du site. Sp\u00e9cialiste des troubles du sommeil \u00e0 Nantes, pour enfants et adultes.","robots":{"index":"index","follow":"follow","max-snippet":"max-snippet:-1","max-image-preview":"max-image-preview:large","max-video-preview":"max-video-preview:-1"},"canonical":"https:\/\/julievidalenc.fr\/index.php\/mentions-legales\/","og_locale":"fr_FR","og_type":"article","og_title":"Mentions L\u00e9gales - Julie Vidalenc","og_description":"Mentions l\u00e9gales du site. Sp\u00e9cialiste des troubles du sommeil \u00e0 Nantes, pour enfants et adultes.","og_url":"https:\/\/julievidalenc.fr\/index.php\/mentions-legales\/","og_site_name":"Julie Vidalenc","article_modified_time":"2023-08-31T10:15:23+00:00","twitter_card":"summary_large_image","twitter_misc":{"Dur\u00e9e de lecture estim\u00e9e":"4 minutes"},"schema":{"@context":"https:\/\/schema.org","@graph":[{"@type":"WebPage","@id":"https:\/\/julievidalenc.fr\/index.php\/mentions-legales\/","url":"https:\/\/julievidalenc.fr\/index.php\/mentions-legales\/","name":"Mentions L\u00e9gales - Julie Vidalenc","isPartOf":{"@id":"https:\/\/julievidalenc.fr\/#website"},"datePublished":"2023-07-25T16:02:13+00:00","dateModified":"2023-08-31T10:15:23+00:00","description":"Mentions l\u00e9gales du site. Sp\u00e9cialiste des troubles du sommeil \u00e0 Nantes, pour enfants et adultes.","breadcrumb":{"@id":"https:\/\/julievidalenc.fr\/index.php\/mentions-legales\/#breadcrumb"},"inLanguage":"fr-FR","potentialAction":[{"@type":"ReadAction","target":["https:\/\/julievidalenc.fr\/index.php\/mentions-legales\/"]}]},{"@type":"BreadcrumbList","@id":"https:\/\/julievidalenc.fr\/index.php\/mentions-legales\/#breadcrumb","itemListElement":[{"@type":"ListItem","position":1,"name":"Accueil","item":"https:\/\/julievidalenc.fr\/"},{"@type":"ListItem","position":2,"name":"Mentions L\u00e9gales"}]},{"@type":"WebSite","@id":"https:\/\/julievidalenc.fr\/#website","url":"https:\/\/julievidalenc.fr\/","name":"Julie Vidalenc","description":"Sp\u00e9cialiste du sommeil Nantes","publisher":{"@id":"https:\/\/julievidalenc.fr\/#organization"},"potentialAction":[{"@type":"SearchAction","target":{"@type":"EntryPoint","urlTemplate":"https:\/\/julievidalenc.fr\/?s={search_term_string}"},"query-input":{"@type":"PropertyValueSpecification","valueRequired":true,"valueName":"search_term_string"}}],"inLanguage":"fr-FR"},{"@type":"Organization","@id":"https:\/\/julievidalenc.fr\/#organization","name":"Julie Vidalenc","url":"https:\/\/julievidalenc.fr\/","logo":{"@type":"ImageObject","inLanguage":"fr-FR","@id":"https:\/\/julievidalenc.fr\/#\/schema\/logo\/image\/","url":"http:\/\/julievidalenc.fr\/wp-content\/uploads\/2023\/07\/LogoJVidalenc_RVB.png","contentUrl":"http:\/\/julievidalenc.fr\/wp-content\/uploads\/2023\/07\/LogoJVidalenc_RVB.png","width":1258,"height":960,"caption":"Julie Vidalenc"},"image":{"@id":"https:\/\/julievidalenc.fr\/#\/schema\/logo\/image\/"}}]}},"_links":{"self":[{"href":"https:\/\/julievidalenc.fr\/index.php\/wp-json\/wp\/v2\/pages\/155","targetHints":{"allow":["GET"]}}],"collection":[{"href":"https:\/\/julievidalenc.fr\/index.php\/wp-json\/wp\/v2\/pages"}],"about":[{"href":"https:\/\/julievidalenc.fr\/index.php\/wp-json\/wp\/v2\/types\/page"}],"author":[{"embeddable":true,"href":"https:\/\/julievidalenc.fr\/index.php\/wp-json\/wp\/v2\/users\/1"}],"replies":[{"embeddable":true,"href":"https:\/\/julievidalenc.fr\/index.php\/wp-json\/wp\/v2\/comments?post=155"}],"version-history":[{"count":10,"href":"https:\/\/julievidalenc.fr\/index.php\/wp-json\/wp\/v2\/pages\/155\/revisions"}],"predecessor-version":[{"id":640,"href":"https:\/\/julievidalenc.fr\/index.php\/wp-json\/wp\/v2\/pages\/155\/revisions\/640"}],"wp:attachment":[{"href":"https:\/\/julievidalenc.fr\/index.php\/wp-json\/wp\/v2\/media?parent=155"}],"curies":[{"name":"wp","href":"https:\/\/api.w.org\/{rel}","templated":true}]}}